{"id":39,"date":"2016-06-29T13:08:58","date_gmt":"2016-06-29T13:08:58","guid":{"rendered":"http:\/\/privatpraxis-stoffels.de\/?page_id=39"},"modified":"2023-01-03T13:57:45","modified_gmt":"2023-01-03T13:57:45","slug":"privatpraxis-dr-hans-stoffels","status":"publish","type":"page","link":"http:\/\/privatpraxis-stoffels.de\/","title":{"rendered":"Privatpraxis Dr. Hans Stoffels"},"content":{"rendered":"<p>[et_pb_section fb_built=&#8220;1&#8243; fullwidth=&#8220;on&#8220; admin_label=&#8220;Sektion&#8220; _builder_version=&#8220;3.22&#8243; global_colors_info=&#8220;{}&#8220;][et_pb_fullwidth_slider admin_label=&#8220;Vollbreiter Slider&#8220; _builder_version=&#8220;3.16&#8243; header_text_color=&#8220;#ffffff&#8220; header_font_size=&#8220;59&#8243; header_line_height=&#8220;1.2em&#8220; custom_padding=&#8220;|||&#8220; custom_padding_tablet=&#8220;|||&#8220; custom_padding_phone=&#8220;|||&#8220; header_font_size_tablet=&#8220;34&#8243; header_font_size_phone=&#8220;40&#8243; header_font_size_last_edited=&#8220;on|desktop&#8220; body_font_size_last_edited=&#8220;off|tablet&#8220; box_shadow_style=&#8220;preset6&#8243; box_shadow_blur=&#8220;10px&#8220; box_shadow_color=&#8220;rgba(0,0,0,0.1)&#8220; remove_inner_shadow=&#8220;off&#8220; hide_content_on_mobile=&#8220;off&#8220; hide_cta_on_mobile=&#8220;off&#8220; show_inner_shadow=&#8220;on&#8220; button_letter_spacing_hover=&#8220;0&#8243; global_colors_info=&#8220;{}&#8220; button_text_size__hover_enabled=&#8220;off&#8220; button_one_text_size__hover_enabled=&#8220;off&#8220; button_two_text_size__hover_enabled=&#8220;off&#8220; button_text_color__hover_enabled=&#8220;off&#8220; button_one_text_color__hover_enabled=&#8220;off&#8220; button_two_text_color__hover_enabled=&#8220;off&#8220; button_border_width__hover_enabled=&#8220;off&#8220; button_one_border_width__hover_enabled=&#8220;off&#8220; button_two_border_width__hover_enabled=&#8220;off&#8220; button_border_color__hover_enabled=&#8220;off&#8220; button_one_border_color__hover_enabled=&#8220;off&#8220; button_two_border_color__hover_enabled=&#8220;off&#8220; button_border_radius__hover_enabled=&#8220;off&#8220; button_one_border_radius__hover_enabled=&#8220;off&#8220; button_two_border_radius__hover_enabled=&#8220;off&#8220; button_letter_spacing__hover_enabled=&#8220;on&#8220; button_letter_spacing__hover=&#8220;0&#8243; button_one_letter_spacing__hover_enabled=&#8220;off&#8220; button_two_letter_spacing__hover_enabled=&#8220;off&#8220; button_bg_color__hover_enabled=&#8220;off&#8220; button_one_bg_color__hover_enabled=&#8220;off&#8220; button_two_bg_color__hover_enabled=&#8220;off&#8220;][et_pb_slide heading=&#8220;Privatpraxis Prof. Dr. med. Hans Stoffels&#8220; use_bg_overlay=&#8220;off&#8220; use_text_overlay=&#8220;off&#8220; _builder_version=&#8220;3.16&#8243; header_font=&#8220;||||&#8220; body_font=&#8220;||||&#8220; background_color=&#8220;#ffffff&#8220; background_image=&#8220;http:\/\/privatpraxis-stoffels.de\/wp-content\/uploads\/2016\/06\/praxis_1.jpg&#8220; button_icon_placement=&#8220;right&#8220; button_on_hover=&#8220;on&#8220; global_colors_info=&#8220;{}&#8220; sticky_transition=&#8220;on&#8220; button_text_size__hover_enabled=&#8220;off&#8220; button_one_text_size__hover_enabled=&#8220;off&#8220; button_two_text_size__hover_enabled=&#8220;off&#8220; button_text_color__hover_enabled=&#8220;off&#8220; button_one_text_color__hover_enabled=&#8220;off&#8220; button_two_text_color__hover_enabled=&#8220;off&#8220; button_border_width__hover_enabled=&#8220;off&#8220; button_one_border_width__hover_enabled=&#8220;off&#8220; button_two_border_width__hover_enabled=&#8220;off&#8220; button_border_color__hover_enabled=&#8220;off&#8220; button_one_border_color__hover_enabled=&#8220;off&#8220; button_two_border_color__hover_enabled=&#8220;off&#8220; button_border_radius__hover_enabled=&#8220;off&#8220; button_one_border_radius__hover_enabled=&#8220;off&#8220; button_two_border_radius__hover_enabled=&#8220;off&#8220; button_letter_spacing__hover_enabled=&#8220;off&#8220; button_one_letter_spacing__hover_enabled=&#8220;off&#8220; button_two_letter_spacing__hover_enabled=&#8220;off&#8220; button_bg_color__hover_enabled=&#8220;off&#8220; button_one_bg_color__hover_enabled=&#8220;off&#8220; button_two_bg_color__hover_enabled=&#8220;off&#8220;][\/et_pb_slide][et_pb_slide use_bg_overlay=&#8220;off&#8220; use_text_overlay=&#8220;off&#8220; _builder_version=&#8220;3.16&#8243; header_font=&#8220;||||&#8220; body_font=&#8220;||||&#8220; background_color=&#8220;#ffffff&#8220; background_image=&#8220;http:\/\/privatpraxis-stoffels.de\/wp-content\/uploads\/2016\/06\/praxis-aussen.jpg&#8220; button_icon_placement=&#8220;right&#8220; button_on_hover=&#8220;on&#8220; global_colors_info=&#8220;{}&#8220; sticky_transition=&#8220;on&#8220; button_text_size__hover_enabled=&#8220;off&#8220; button_one_text_size__hover_enabled=&#8220;off&#8220; button_two_text_size__hover_enabled=&#8220;off&#8220; button_text_color__hover_enabled=&#8220;off&#8220; button_one_text_color__hover_enabled=&#8220;off&#8220; button_two_text_color__hover_enabled=&#8220;off&#8220; button_border_width__hover_enabled=&#8220;off&#8220; button_one_border_width__hover_enabled=&#8220;off&#8220; button_two_border_width__hover_enabled=&#8220;off&#8220; button_border_color__hover_enabled=&#8220;off&#8220; button_one_border_color__hover_enabled=&#8220;off&#8220; button_two_border_color__hover_enabled=&#8220;off&#8220; button_border_radius__hover_enabled=&#8220;off&#8220; button_one_border_radius__hover_enabled=&#8220;off&#8220; button_two_border_radius__hover_enabled=&#8220;off&#8220; button_letter_spacing__hover_enabled=&#8220;off&#8220; button_one_letter_spacing__hover_enabled=&#8220;off&#8220; button_two_letter_spacing__hover_enabled=&#8220;off&#8220; button_bg_color__hover_enabled=&#8220;off&#8220; button_one_bg_color__hover_enabled=&#8220;off&#8220; button_two_bg_color__hover_enabled=&#8220;off&#8220;][\/et_pb_slide][et_pb_slide use_bg_overlay=&#8220;off&#8220; use_text_overlay=&#8220;off&#8220; _builder_version=&#8220;3.16&#8243; header_font=&#8220;||||&#8220; body_font=&#8220;||||&#8220; background_color=&#8220;#ffffff&#8220; background_image=&#8220;http:\/\/privatpraxis-stoffels.de\/wp-content\/uploads\/2016\/06\/schild.jpg&#8220; button_icon_placement=&#8220;right&#8220; button_on_hover=&#8220;on&#8220; global_colors_info=&#8220;{}&#8220; sticky_transition=&#8220;on&#8220; button_text_size__hover_enabled=&#8220;off&#8220; button_one_text_size__hover_enabled=&#8220;off&#8220; button_two_text_size__hover_enabled=&#8220;off&#8220; button_text_color__hover_enabled=&#8220;off&#8220; button_one_text_color__hover_enabled=&#8220;off&#8220; button_two_text_color__hover_enabled=&#8220;off&#8220; button_border_width__hover_enabled=&#8220;off&#8220; button_one_border_width__hover_enabled=&#8220;off&#8220; button_two_border_width__hover_enabled=&#8220;off&#8220; button_border_color__hover_enabled=&#8220;off&#8220; button_one_border_color__hover_enabled=&#8220;off&#8220; button_two_border_color__hover_enabled=&#8220;off&#8220; button_border_radius__hover_enabled=&#8220;off&#8220; button_one_border_radius__hover_enabled=&#8220;off&#8220; button_two_border_radius__hover_enabled=&#8220;off&#8220; button_letter_spacing__hover_enabled=&#8220;off&#8220; button_one_letter_spacing__hover_enabled=&#8220;off&#8220; button_two_letter_spacing__hover_enabled=&#8220;off&#8220; button_bg_color__hover_enabled=&#8220;off&#8220; button_one_bg_color__hover_enabled=&#8220;off&#8220; button_two_bg_color__hover_enabled=&#8220;off&#8220;][\/et_pb_slide][\/et_pb_fullwidth_slider][\/et_pb_section][et_pb_section fb_built=&#8220;1&#8243; admin_label=&#8220;Sektion&#8220; _builder_version=&#8220;3.22&#8243; global_colors_info=&#8220;{}&#8220;][et_pb_row admin_label=&#8220;Zeile&#8220; _builder_version=&#8220;3.25&#8243; background_size=&#8220;initial&#8220; background_position=&#8220;top_left&#8220; background_repeat=&#8220;repeat&#8220; global_colors_info=&#8220;{}&#8220; column_structure=&#8220;2_3,1_3&#8243;][et_pb_column type=&#8220;2_3&#8243; _builder_version=&#8220;3.25&#8243; custom_padding=&#8220;|||&#8220; global_colors_info=&#8220;{}&#8220; custom_padding__hover=&#8220;|||&#8220;][et_pb_text admin_label=&#8220;Intro&#8220; _builder_version=&#8220;3.27.4&#8243; text_font_size=&#8220;16&#8243; background_size=&#8220;initial&#8220; background_position=&#8220;top_left&#8220; background_repeat=&#8220;repeat&#8220; text_line_height_tablet=&#8220;&#8220; text_line_height_phone=&#8220;&#8220; text_line_height_last_edited=&#8220;on|phone&#8220; use_border_color=&#8220;off&#8220; border_color=&#8220;#ffffff&#8220; border_style=&#8220;solid&#8220; global_colors_info=&#8220;{}&#8220;]Herzlich willkommen auf der Homepage der Privat-Praxis f\u00fcr Psychiatrie und Psychotherapie von Professor Dr. Hans Stoffels<br \/>\n[\/et_pb_text][et_pb_text admin_label=&#8220;Zur Person&#8220; _builder_version=&#8220;3.27.4&#8243; text_font_size=&#8220;16&#8243; background_size=&#8220;initial&#8220; background_position=&#8220;top_left&#8220; background_repeat=&#8220;repeat&#8220; custom_margin=&#8220;50px|||&#8220; text_line_height_tablet=&#8220;&#8220; text_line_height_phone=&#8220;&#8220; text_line_height_last_edited=&#8220;on|phone&#8220; use_border_color=&#8220;off&#8220; border_color=&#8220;#ffffff&#8220; border_style=&#8220;solid&#8220; global_colors_info=&#8220;{}&#8220;]<\/p>\n<h3>Zur Person<\/h3>\n<p>[\/et_pb_text][et_pb_team_member image_url=&#8220;http:\/\/privatpraxis-stoffels.de\/wp-content\/uploads\/2016\/06\/Stoffels-Foto.jpg&#8220; admin_label=&#8220;Person&#8220; _builder_version=&#8220;3.0.87&#8243; background_size=&#8220;initial&#8220; background_position=&#8220;top_left&#8220; background_repeat=&#8220;repeat&#8220; use_border_color=&#8220;off&#8220; border_color=&#8220;#ffffff&#8220; border_style=&#8220;solid&#8220; global_colors_info=&#8220;{}&#8220;]Professor Dr. Hans Stoffels hat sich seit November 2015 in einer Privat-Praxis auf dem Gel\u00e4nde der Schlosspark-Klinik als Arzt f\u00fcr Psychiatrie und Psychotherapie niedergelassen. Er hat viele Jahre die Psychiatrische Abteilung der Schlosspark-Klinik Berlin geleitet. Zuletzt war er Chefarzt der Park-Klinik Sophie Charlotte, einer Privat-Klinik f\u00fcr Psychiatrie und Psychosomatik.<br \/>\n[\/et_pb_team_member][et_pb_toggle title=&#8220;Berufliche Biografie&#8220; open_toggle_background_color=&#8220;#ffffff&#8220; closed_toggle_background_color=&#8220;#ffffff&#8220; admin_label=&#8220;Biografie&#8220; _builder_version=&#8220;3.0.87&#8243; background_size=&#8220;initial&#8220; background_position=&#8220;top_left&#8220; background_repeat=&#8220;repeat&#8220; use_border_color=&#8220;off&#8220; border_color=&#8220;#ffffff&#8220; border_style=&#8220;solid&#8220; global_colors_info=&#8220;{}&#8220;]<\/p>\n<ul>\n<li>Jahrgang 1946<\/li>\n<li>Studium der\u00a0Medizin, Geschichte und Philosophie an der Universit\u00e4t Heidelberg.<\/li>\n<li>Psychosomatische Ausbildung u. a. an der Universit\u00e4t Ulm (Prof. Dr. Thure von Uexk\u00fcll).<\/li>\n<li>Psychiatrische Facharztausbildung an der Psychiatrischen Klinik der Medizinischen Hochschule Hannover (Prof. Dr. Dr. Karl Peter Kisker, Prof. Dr. Erich Wulff)<\/li>\n<li>Psychotherapeutische Aus-und Weiterbildung an der Medizinischen Hochschule Hannover (Prof. Dr. Christa Rohde-Dachser).<\/li>\n<li>Promotionspreis der Gesellschaft der Freunde der Medizinischen Hochschule<\/li>\n<li>1985-1988 \u00e4rztliche Leitung der psychiatrischen Tagesklinik der Medizinischen Hochschule Hannover<\/li>\n<li>1989-1990 kommissarische Leitung der Abteilung Sozialpsychiatrie der Medizinischen Hochschule Hannover<\/li>\n<li>1991 Habilitation und Antrittsvorlesung mit dem Thema \u201e Psychotherapie der schizophrenen Psychosen\u201c<\/li>\n<li>1994-2009 Chefarzt der Psychiatrischen Abteilung der Schlossparkklinik<\/li>\n<li>2000-2009 Vorsitzender der Viktor von Weizs\u00e4cker Gesellschaft<\/li>\n<li>2009-2015 Chefarzt der Park-Sophie Charlotte, Klinik f\u00fcr Psychiatrie und Psychosomatik.<\/li>\n<li>Seit November 2015 niedergelassen in eigener Praxis.<\/li>\n<\/ul>\n<p>[\/et_pb_toggle][et_pb_toggle title=&#8220;Buchpublikationen&#8220; open_toggle_background_color=&#8220;#ffffff&#8220; closed_toggle_background_color=&#8220;#ffffff&#8220; admin_label=&#8220;Publikationen&#8220; _builder_version=&#8220;3.0.87&#8243; background_size=&#8220;initial&#8220; background_position=&#8220;top_left&#8220; background_repeat=&#8220;repeat&#8220; use_border_color=&#8220;off&#8220; border_color=&#8220;#ffffff&#8220; border_style=&#8220;solid&#8220; global_colors_info=&#8220;{}&#8220;]<\/p>\n<ul>\n<li>Stoffels H (1986) Umgang mit dem Widerstand. Anthropologische Studie zur psychotherapeutischen Praxis. Vandenhoeck &amp; Rupprecht, G\u00f6ttingen<\/li>\n<li>Stoffels H (Hrsg) (1991) Schicksale der Verfolgten. Psychische und somatische Auswirkungen von Terrorherrschaft. Springer, Berlin Heidelberg New York<\/li>\n<li>Stoffels H (Hrsg) (1994) Terrorlandschaften der Seele. Beitr\u00e4ge zur Theorie und Therapie von Extremtraumatisierungen. Roderer Verlag, Regensburg<\/li>\n<li>Stoffels H, Kruse G (1996) Der psychiatrische Hausbesuch. \u00dcberfall oder Hilfe? Psychiatrie-Verlag, Bonn<\/li>\n<li>Stoffels H (Hrsg) (2008) Soziale Krankheit und soziale Gesundung. Beitr\u00e4ge zur Medizinischen Anthropologie. K\u00f6nigshausen &amp; Neumann, W\u00fcrzburg<\/li>\n<li>Zahlreiche wissenschaftliche Publikationen, Aufs\u00e4tze und Vortr\u00e4ge<\/li>\n<\/ul>\n<p>[\/et_pb_toggle][et_pb_text admin_label=&#8220;Praxis Schwerpunkte&#8220; _builder_version=&#8220;3.27.4&#8243; background_size=&#8220;initial&#8220; background_position=&#8220;top_left&#8220; background_repeat=&#8220;repeat&#8220; custom_margin=&#8220;50px|||&#8220; use_border_color=&#8220;off&#8220; border_color=&#8220;#ffffff&#8220; border_style=&#8220;solid&#8220; global_colors_info=&#8220;{}&#8220;]<\/p>\n<h3>Praxis-Schwerpunkte<\/h3>\n<ul>\n<li>akute Belastungsreaktionen und Ersch\u00f6pfungssyndrome (\u201cburn-out\u201c)<\/li>\n<li>akute und anhaltende depressive Erkrankungen<\/li>\n<li>Post-traumatische Belastungsreaktionen<\/li>\n<li>Angst-und Zwangserkrankungen<\/li>\n<li>Pers\u00f6nlichkeitsst\u00f6rungen (z. B. Narzissmus, affektive Labilit\u00e4t und Impulsivit\u00e4t bei Borderline-St\u00f6rung, Zwang zu L\u00fcgen-Geschichten (Pseudologie))<\/li>\n<li>Psychosen<\/li>\n<li>Sucht-und psychoorganische Erkrankungen<\/li>\n<li>Supervisionen\/Coaching<\/li>\n<\/ul>\n<p>[\/et_pb_text][et_pb_text admin_label=&#8220;Schwerpunkte&#8220; _builder_version=&#8220;3.27.4&#8243; background_size=&#8220;initial&#8220; background_position=&#8220;top_left&#8220; background_repeat=&#8220;repeat&#8220; custom_margin=&#8220;50px|||&#8220; use_border_color=&#8220;off&#8220; border_color=&#8220;#ffffff&#8220; border_style=&#8220;solid&#8220; global_colors_info=&#8220;{}&#8220;]<\/p>\n<h3>Wissenschaftliche Arbeitsschwerpunkte:<\/h3>\n<p>Psychotherapie der Depression; Entwicklung eines Stufenmodells zur klinischen Behandlung depressiver St\u00f6rungen; seelische St\u00f6rungen nach Traumatisierung; krankhaftes L\u00fcgen (Pseudologie); Angsterkrankungen; anthropologische Krankheitskonzepte; sozialpsychiatrische Behandlungsstrategien<br \/>\n[\/et_pb_text][et_pb_text admin_label=&#8220;Kontakt&#8220; _builder_version=&#8220;3.27.4&#8243; background_size=&#8220;initial&#8220; background_position=&#8220;top_left&#8220; background_repeat=&#8220;repeat&#8220; custom_margin=&#8220;50px|||&#8220; use_border_color=&#8220;off&#8220; border_color=&#8220;#ffffff&#8220; border_style=&#8220;solid&#8220; global_colors_info=&#8220;{}&#8220;]<\/p>\n<h3>Anfahrt und Lageplan:<\/h3>\n<p><strong>Postanschrift:<\/strong><br \/>\nProfessor Dr. Hans Stoffels<br \/>\nPraxis f\u00fcr Psychiatrie und Psychotherapie<br \/>\nHeubnerweg 2a<br \/>\nD-14059 Berlin<\/p>\n<p><strong>Telefon:<\/strong><br \/>\n030\/3264-1434<\/p>\n<p>Die Praxis von Professor Stoffels befindet sich auf dem Gel\u00e4nde der Schlosspark-Klinik Berlin im Haus E (siehe Lageplan). Im Haus E befindet sich auch die Psychiatrische und Psychosomatische Tagesklinik der Park-Klinik Sophie Charlotte. Im 1. Stock ist die Ambulanz und das Sekretariat von Dr. Andr\u00e9 Kwalek, Chefarzt der Park-Klinik Sophie Charlotte.<br \/>\n[\/et_pb_text][et_pb_image src=&#8220;http:\/\/privatpraxis-stoffels.de\/wp-content\/uploads\/2016\/06\/lagebeschreibung.png&#8220; show_in_lightbox=&#8220;on&#8220; align_tablet=&#8220;center&#8220; align_last_edited=&#8220;on|desktop&#8220; admin_label=&#8220;Bild&#8220; _builder_version=&#8220;3.23&#8243; use_border_color=&#8220;off&#8220; border_color=&#8220;#ffffff&#8220; border_style=&#8220;solid&#8220; animation=&#8220;off&#8220; sticky=&#8220;off&#8220; always_center_on_mobile=&#8220;on&#8220; global_colors_info=&#8220;{}&#8220;][\/et_pb_image][\/et_pb_column][et_pb_column type=&#8220;1_3&#8243; _builder_version=&#8220;3.25&#8243; custom_padding=&#8220;|||&#8220; global_colors_info=&#8220;{}&#8220; custom_padding__hover=&#8220;|||&#8220;][et_pb_text admin_label=&#8220;Terminvergabe&#8220; _builder_version=&#8220;3.27.4&#8243; text_text_color=&#8220;#727272&#8243; header_text_color=&#8220;#727272&#8243; background_size=&#8220;initial&#8220; background_position=&#8220;top_left&#8220; background_repeat=&#8220;repeat&#8220; custom_margin_tablet=&#8220;&#8220; custom_margin_phone=&#8220;&#8220; custom_margin_last_edited=&#8220;on|desktop&#8220; custom_padding_tablet=&#8220;&#8220; custom_padding_phone=&#8220;&#8220; custom_padding_last_edited=&#8220;on|desktop&#8220; border_width_all=&#8220;0px&#8220; border_color_all=&#8220;#ffffff&#8220; border_style_all=&#8220;solid&#8220; use_border_color=&#8220;on&#8220; border_color=&#8220;#ffffff&#8220; border_style=&#8220;solid&#8220; global_colors_info=&#8220;{}&#8220;]<\/p>\n<h2>Terminvergabe<\/h2>\n<p>Die Sprechstundentermine werden individuell vereinbart.<br \/>\n[\/et_pb_text][et_pb_text admin_label=&#8220;Terminvergabe&#8220; _builder_version=&#8220;4.9.11&#8243; text_text_color=&#8220;#727272&#8243; header_text_color=&#8220;#727272&#8243; background_size=&#8220;initial&#8220; background_position=&#8220;top_left&#8220; background_repeat=&#8220;repeat&#8220; custom_margin_tablet=&#8220;&#8220; custom_margin_phone=&#8220;&#8220; custom_margin_last_edited=&#8220;on|desktop&#8220; custom_padding_tablet=&#8220;&#8220; custom_padding_phone=&#8220;&#8220; custom_padding_last_edited=&#8220;on|desktop&#8220; hover_enabled=&#8220;0&#8243; border_width_all=&#8220;0px&#8220; border_color_all=&#8220;#ffffff&#8220; border_style_all=&#8220;solid&#8220; use_border_color=&#8220;on&#8220; border_color=&#8220;#ffffff&#8220; border_style=&#8220;solid&#8220; global_colors_info=&#8220;{}&#8220; sticky_enabled=&#8220;0&#8243;]<\/p>\n<p>Anmeldung per Telefon unter<br \/><strong>030 \/ 3264-1434<br \/><\/strong><br \/>Falls der Anrufbeantworter eingeschaltet ist, wird Sie Professor Stoffels baldm\u00f6glichst pers\u00f6nlich zur\u00fcckrufen.<\/p>\n<p>[\/et_pb_text][\/et_pb_column][\/et_pb_row][et_pb_row admin_label=&#8220;Zeile&#8220; _builder_version=&#8220;3.25&#8243; background_size=&#8220;initial&#8220; background_position=&#8220;top_left&#8220; background_repeat=&#8220;repeat&#8220; global_colors_info=&#8220;{}&#8220; column_structure=&#8220;2_3,1_3&#8243;][et_pb_column type=&#8220;2_3&#8243; _builder_version=&#8220;3.25&#8243; custom_padding=&#8220;|||&#8220; global_colors_info=&#8220;{}&#8220; custom_padding__hover=&#8220;|||&#8220;][et_pb_text admin_label=&#8220;In der Presse&#8220; _builder_version=&#8220;3.27.4&#8243; background_size=&#8220;initial&#8220; background_position=&#8220;top_left&#8220; background_repeat=&#8220;repeat&#8220; use_border_color=&#8220;off&#8220; border_color=&#8220;#ffffff&#8220; border_style=&#8220;solid&#8220; global_colors_info=&#8220;{}&#8220;]<\/p>\n<h3>IN DER PRESSE<\/h3>\n<p>[\/et_pb_text][\/et_pb_column][et_pb_column type=&#8220;1_3&#8243; _builder_version=&#8220;3.25&#8243; custom_padding=&#8220;|||&#8220; global_colors_info=&#8220;{}&#8220; custom_padding__hover=&#8220;|||&#8220;][\/et_pb_column][\/et_pb_row][et_pb_row admin_label=&#8220;Zeile&#8220; _builder_version=&#8220;3.25&#8243; background_size=&#8220;initial&#8220; background_position=&#8220;top_left&#8220; background_repeat=&#8220;repeat&#8220; global_colors_info=&#8220;{}&#8220; column_structure=&#8220;1_3,1_3,1_3&#8243;][et_pb_column type=&#8220;1_3&#8243; _builder_version=&#8220;3.25&#8243; custom_padding=&#8220;|||&#8220; global_colors_info=&#8220;{}&#8220; custom_padding__hover=&#8220;|||&#8220;][et_pb_image src=&#8220;http:\/\/privatpraxis-stoffels.de\/wp-content\/uploads\/2016\/06\/aa7337190c7a0b3b7a5af6879d4fd9d9v1_max_635x351_b3535db83dc50e27c1bb1392364c95a2.jpg&#8220; title_text=&#8220;Beitrag auf Deutschlandfunk Kultur&#8220; url=&#8220;https:\/\/www.deutschlandfunkkultur.de\/luegen-zwischen-unterhaltung-und-selbstbetrug.976.de.html?dram:article_id=476123&#8243; url_new_window=&#8220;on&#8220; align_tablet=&#8220;center&#8220; align_last_edited=&#8220;on|desktop&#8220; admin_label=&#8220;Teaser-Deutschlandfunk&#8220; _builder_version=&#8220;3.23&#8243; use_border_color=&#8220;off&#8220; border_color=&#8220;#ffffff&#8220; border_style=&#8220;solid&#8220; animation=&#8220;off&#8220; sticky=&#8220;off&#8220; always_center_on_mobile=&#8220;on&#8220; global_colors_info=&#8220;{}&#8220;][\/et_pb_image][\/et_pb_column][et_pb_column type=&#8220;1_3&#8243; _builder_version=&#8220;3.25&#8243; custom_padding=&#8220;|||&#8220; global_colors_info=&#8220;{}&#8220; custom_padding__hover=&#8220;|||&#8220;][et_pb_text admin_label=&#8220;Text&#8220; _builder_version=&#8220;3.27.4&#8243; background_size=&#8220;initial&#8220; background_position=&#8220;top_left&#8220; background_repeat=&#8220;repeat&#8220; use_border_color=&#8220;off&#8220; border_color=&#8220;#ffffff&#8220; border_style=&#8220;solid&#8220; global_colors_info=&#8220;{}&#8220;]Beitrag auf Deutschlandfunk Kultur:<br \/>\n<strong>L\u00fcgen \u2013 Zwischen Unterhaltung und Selbstbetrug<\/strong><\/p>\n<p><a href=\"https:\/\/www.deutschlandfunkkultur.de\/luegen-zwischen-unterhaltung-und-selbstbetrug.976.de.html?dram:article_id=476123\" target=\"_blank\" rel=\"noopener\">&gt; lesen<\/a><br \/>\n[\/et_pb_text][\/et_pb_column][et_pb_column type=&#8220;1_3&#8243; _builder_version=&#8220;3.25&#8243; custom_padding=&#8220;|||&#8220; global_colors_info=&#8220;{}&#8220; custom_padding__hover=&#8220;|||&#8220;][\/et_pb_column][\/et_pb_row][et_pb_row admin_label=&#8220;Zeile&#8220; _builder_version=&#8220;3.25&#8243; background_size=&#8220;initial&#8220; background_position=&#8220;top_left&#8220; background_repeat=&#8220;repeat&#8220; global_colors_info=&#8220;{}&#8220; column_structure=&#8220;2_3,1_3&#8243;][et_pb_column type=&#8220;2_3&#8243; _builder_version=&#8220;3.25&#8243; custom_padding=&#8220;|||&#8220; global_colors_info=&#8220;{}&#8220; custom_padding__hover=&#8220;|||&#8220;][et_pb_divider color=&#8220;#cccccc&#8220; disabled_on=&#8220;on|on|off&#8220; admin_label=&#8220;Teiler&#8220; _builder_version=&#8220;3.2&#8243; hide_on_mobile=&#8220;on&#8220; global_colors_info=&#8220;{}&#8220;] [\/et_pb_divider][\/et_pb_column][et_pb_column type=&#8220;1_3&#8243; _builder_version=&#8220;3.25&#8243; custom_padding=&#8220;|||&#8220; global_colors_info=&#8220;{}&#8220; custom_padding__hover=&#8220;|||&#8220;][\/et_pb_column][\/et_pb_row][et_pb_row admin_label=&#8220;Zeile&#8220; _builder_version=&#8220;3.25&#8243; background_size=&#8220;initial&#8220; background_position=&#8220;top_left&#8220; background_repeat=&#8220;repeat&#8220; global_colors_info=&#8220;{}&#8220; column_structure=&#8220;1_3,1_3,1_3&#8243;][et_pb_column type=&#8220;1_3&#8243; _builder_version=&#8220;3.25&#8243; custom_padding=&#8220;|||&#8220; global_colors_info=&#8220;{}&#8220; custom_padding__hover=&#8220;|||&#8220;][et_pb_image src=&#8220;http:\/\/privatpraxis-stoffels.de\/wp-content\/uploads\/2016\/06\/luege-beine-100_v-gseapremiumxl.jpg&#8220; title_text=&#8220;Interview im BDR Magazin&#8220; url=&#8220;http:\/\/www1.wdr.de\/wissen\/mensch\/krankhafter-luegner-100.html&#8220; url_new_window=&#8220;on&#8220; align_tablet=&#8220;center&#8220; align_last_edited=&#8220;on|desktop&#8220; admin_label=&#8220;Interview&#8220; _builder_version=&#8220;3.23&#8243; use_border_color=&#8220;off&#8220; border_color=&#8220;#ffffff&#8220; border_style=&#8220;solid&#8220; animation=&#8220;off&#8220; sticky=&#8220;off&#8220; always_center_on_mobile=&#8220;on&#8220; global_colors_info=&#8220;{}&#8220;][\/et_pb_image][\/et_pb_column][et_pb_column type=&#8220;1_3&#8243; _builder_version=&#8220;3.25&#8243; custom_padding=&#8220;|||&#8220; global_colors_info=&#8220;{}&#8220; custom_padding__hover=&#8220;|||&#8220;][et_pb_text admin_label=&#8220;Text&#8220; _builder_version=&#8220;3.27.4&#8243; background_size=&#8220;initial&#8220; background_position=&#8220;top_left&#8220; background_repeat=&#8220;repeat&#8220; use_border_color=&#8220;off&#8220; border_color=&#8220;#ffffff&#8220; border_style=&#8220;solid&#8220; global_colors_info=&#8220;{}&#8220;]Interview im WDR:<br \/>\n<strong>Wenn L\u00fcgen zur Krankheit wird<\/strong><\/p>\n<p><a href=\"http:\/\/www1.wdr.de\/wissen\/mensch\/krankhafter-luegner-100.html\" target=\"_blank\" rel=\"noopener\">&gt; lesen<\/a><br \/>\n[\/et_pb_text][\/et_pb_column][et_pb_column type=&#8220;1_3&#8243; _builder_version=&#8220;3.25&#8243; custom_padding=&#8220;|||&#8220; global_colors_info=&#8220;{}&#8220; custom_padding__hover=&#8220;|||&#8220;][\/et_pb_column][\/et_pb_row][et_pb_row admin_label=&#8220;Zeile&#8220; _builder_version=&#8220;3.25&#8243; background_size=&#8220;initial&#8220; background_position=&#8220;top_left&#8220; background_repeat=&#8220;repeat&#8220; global_colors_info=&#8220;{}&#8220; column_structure=&#8220;2_3,1_3&#8243;][et_pb_column type=&#8220;2_3&#8243; _builder_version=&#8220;3.25&#8243; custom_padding=&#8220;|||&#8220; global_colors_info=&#8220;{}&#8220; custom_padding__hover=&#8220;|||&#8220;][et_pb_divider color=&#8220;#cccccc&#8220; disabled_on=&#8220;on|on|off&#8220; admin_label=&#8220;Teiler&#8220; _builder_version=&#8220;3.2&#8243; hide_on_mobile=&#8220;on&#8220; global_colors_info=&#8220;{}&#8220;] [\/et_pb_divider][\/et_pb_column][et_pb_column type=&#8220;1_3&#8243; _builder_version=&#8220;3.25&#8243; custom_padding=&#8220;|||&#8220; global_colors_info=&#8220;{}&#8220; custom_padding__hover=&#8220;|||&#8220;][\/et_pb_column][\/et_pb_row][et_pb_row admin_label=&#8220;Zeile&#8220; _builder_version=&#8220;3.25&#8243; background_size=&#8220;initial&#8220; background_position=&#8220;top_left&#8220; background_repeat=&#8220;repeat&#8220; global_colors_info=&#8220;{}&#8220; column_structure=&#8220;1_3,1_3,1_3&#8243;][et_pb_column type=&#8220;1_3&#8243; _builder_version=&#8220;3.25&#8243; custom_padding=&#8220;|||&#8220; global_colors_info=&#8220;{}&#8220; custom_padding__hover=&#8220;|||&#8220;][et_pb_image src=&#8220;http:\/\/privatpraxis-stoffels.de\/wp-content\/uploads\/2016\/06\/interview.png&#8220; title_text=&#8220;Interview im BDR Magazin&#8220; url=&#8220;http:\/\/privatpraxis-stoffels.de\/wp-content\/uploads\/2016\/07\/BDR_Magazin_39_stoffels.pdf&#8220; url_new_window=&#8220;on&#8220; align_tablet=&#8220;center&#8220; align_last_edited=&#8220;on|desktop&#8220; admin_label=&#8220;Interview&#8220; _builder_version=&#8220;3.23&#8243; use_border_color=&#8220;off&#8220; border_color=&#8220;#ffffff&#8220; border_style=&#8220;solid&#8220; animation=&#8220;off&#8220; sticky=&#8220;off&#8220; always_center_on_mobile=&#8220;on&#8220; global_colors_info=&#8220;{}&#8220;][\/et_pb_image][\/et_pb_column][et_pb_column type=&#8220;1_3&#8243; _builder_version=&#8220;3.25&#8243; custom_padding=&#8220;|||&#8220; global_colors_info=&#8220;{}&#8220; custom_padding__hover=&#8220;|||&#8220;][et_pb_text admin_label=&#8220;Text&#8220; _builder_version=&#8220;3.27.4&#8243; background_size=&#8220;initial&#8220; background_position=&#8220;top_left&#8220; background_repeat=&#8220;repeat&#8220; use_border_color=&#8220;off&#8220; border_color=&#8220;#ffffff&#8220; border_style=&#8220;solid&#8220; global_colors_info=&#8220;{}&#8220;]Interview im BDR Magazin:<br \/>\n<strong> Scheitern fordert uns und unsere Kreativit\u00e4t<\/strong><\/p>\n<p><a href=\"http:\/\/privatpraxis-stoffels.de\/wp-content\/uploads\/2016\/07\/BDR_Magazin_39_stoffels.pdf\" target=\"_blank\" rel=\"noopener\">&gt; lesen<\/a><br \/>\n[\/et_pb_text][\/et_pb_column][et_pb_column type=&#8220;1_3&#8243; _builder_version=&#8220;3.25&#8243; custom_padding=&#8220;|||&#8220; global_colors_info=&#8220;{}&#8220; custom_padding__hover=&#8220;|||&#8220;][\/et_pb_column][\/et_pb_row][et_pb_row admin_label=&#8220;Zeile&#8220; _builder_version=&#8220;3.25&#8243; background_size=&#8220;initial&#8220; background_position=&#8220;top_left&#8220; background_repeat=&#8220;repeat&#8220; global_colors_info=&#8220;{}&#8220; column_structure=&#8220;2_3,1_3&#8243;][et_pb_column type=&#8220;2_3&#8243; _builder_version=&#8220;3.25&#8243; custom_padding=&#8220;|||&#8220; global_colors_info=&#8220;{}&#8220; custom_padding__hover=&#8220;|||&#8220;][et_pb_divider color=&#8220;#cccccc&#8220; disabled_on=&#8220;on|on|off&#8220; admin_label=&#8220;Teiler&#8220; _builder_version=&#8220;3.2&#8243; hide_on_mobile=&#8220;on&#8220; global_colors_info=&#8220;{}&#8220;] [\/et_pb_divider][\/et_pb_column][et_pb_column type=&#8220;1_3&#8243; _builder_version=&#8220;3.25&#8243; custom_padding=&#8220;|||&#8220; global_colors_info=&#8220;{}&#8220; custom_padding__hover=&#8220;|||&#8220;][\/et_pb_column][\/et_pb_row][et_pb_row admin_label=&#8220;Zeile&#8220; _builder_version=&#8220;3.25&#8243; background_size=&#8220;initial&#8220; background_position=&#8220;top_left&#8220; background_repeat=&#8220;repeat&#8220; global_colors_info=&#8220;{}&#8220; column_structure=&#8220;1_3,1_3,1_3&#8243;][et_pb_column type=&#8220;1_3&#8243; _builder_version=&#8220;3.25&#8243; custom_padding=&#8220;|||&#8220; global_colors_info=&#8220;{}&#8220; custom_padding__hover=&#8220;|||&#8220;][et_pb_image src=&#8220;http:\/\/privatpraxis-stoffels.de\/wp-content\/uploads\/2016\/06\/zdf-history.png&#8220; title_text=&#8220;Alles Bluff?!&#8220; url=&#8220;https:\/\/www.zdf.de\/dokumentation\/zdf-history\/alles-bluff-die-grossen-hochstapler-der-geschichte-100.html&#8220; url_new_window=&#8220;on&#8220; align_tablet=&#8220;center&#8220; align_last_edited=&#8220;on|desktop&#8220; admin_label=&#8220;Interview&#8220; _builder_version=&#8220;3.23&#8243; use_border_color=&#8220;off&#8220; border_color=&#8220;#ffffff&#8220; border_style=&#8220;solid&#8220; animation=&#8220;off&#8220; sticky=&#8220;off&#8220; always_center_on_mobile=&#8220;on&#8220; global_colors_info=&#8220;{}&#8220;][\/et_pb_image][\/et_pb_column][et_pb_column type=&#8220;1_3&#8243; _builder_version=&#8220;3.25&#8243; custom_padding=&#8220;|||&#8220; global_colors_info=&#8220;{}&#8220; custom_padding__hover=&#8220;|||&#8220;][et_pb_text admin_label=&#8220;Text&#8220; _builder_version=&#8220;3.27.4&#8243; background_size=&#8220;initial&#8220; background_position=&#8220;top_left&#8220; background_repeat=&#8220;repeat&#8220; use_border_color=&#8220;off&#8220; border_color=&#8220;#ffffff&#8220; border_style=&#8220;solid&#8220; global_colors_info=&#8220;{}&#8220;]ZDF-Mediathek:<br \/>\n<strong>Alles Bluff?! \u2013\u00a0Die gro\u00dfen Hochstapler der Geschichte<\/strong><\/p>\n<p><a href=\"https:\/\/www.zdf.de\/dokumentation\/zdf-history\/alles-bluff-die-grossen-hochstapler-der-geschichte-100.html\" target=\"_blank\" rel=\"noopener\">&gt; anschauen<\/a><br \/>\n[\/et_pb_text][\/et_pb_column][et_pb_column type=&#8220;1_3&#8243; _builder_version=&#8220;3.25&#8243; custom_padding=&#8220;|||&#8220; global_colors_info=&#8220;{}&#8220; custom_padding__hover=&#8220;|||&#8220;][\/et_pb_column][\/et_pb_row][\/et_pb_section]<\/p>\n","protected":false},"excerpt":{"rendered":"<p>Herzlich willkommen auf der Homepage der Privat-Praxis f\u00fcr Psychiatrie und Psychotherapie von Professor Dr. Hans Stoffels Zur Person Professor Dr. Hans Stoffels hat sich seit November 2015 in einer Privat-Praxis auf dem Gel\u00e4nde der Schlosspark-Klinik als Arzt f\u00fcr Psychiatrie und Psychotherapie niedergelassen. Er hat viele Jahre die Psychiatrische Abteilung der Schlosspark-Klinik Berlin geleitet. Zuletzt war [&hellip;]<\/p>\n","protected":false},"author":1,"featured_media":0,"parent":0,"menu_order":0,"comment_status":"closed","ping_status":"closed","template":"page-template-blank.php","meta":{"_et_pb_use_builder":"on","_et_pb_old_content":"","_et_gb_content_width":""},"_links":{"self":[{"href":"http:\/\/privatpraxis-stoffels.de\/index.php?rest_route=\/wp\/v2\/pages\/39"}],"collection":[{"href":"http:\/\/privatpraxis-stoffels.de\/index.php?rest_route=\/wp\/v2\/pages"}],"about":[{"href":"http:\/\/privatpraxis-stoffels.de\/index.php?rest_route=\/wp\/v2\/types\/page"}],"author":[{"embeddable":true,"href":"http:\/\/privatpraxis-stoffels.de\/index.php?rest_route=\/wp\/v2\/users\/1"}],"replies":[{"embeddable":true,"href":"http:\/\/privatpraxis-stoffels.de\/index.php?rest_route=%2Fwp%2Fv2%2Fcomments&post=39"}],"version-history":[{"count":68,"href":"http:\/\/privatpraxis-stoffels.de\/index.php?rest_route=\/wp\/v2\/pages\/39\/revisions"}],"predecessor-version":[{"id":132,"href":"http:\/\/privatpraxis-stoffels.de\/index.php?rest_route=\/wp\/v2\/pages\/39\/revisions\/132"}],"wp:attachment":[{"href":"http:\/\/privatpraxis-stoffels.de\/index.php?rest_route=%2Fwp%2Fv2%2Fmedia&parent=39"}],"curies":[{"name":"wp","href":"https:\/\/api.w.org\/{rel}","templated":true}]}}